
{"id":2038,"date":"2017-09-02T10:46:41","date_gmt":"2017-09-02T09:46:41","guid":{"rendered":"https:\/\/activ1.be\/fr\/?page_id=2038"},"modified":"2023-10-26T10:28:48","modified_gmt":"2023-10-26T09:28:48","slug":"verjaardagsfeestjes","status":"publish","type":"page","link":"https:\/\/activ1.be\/fr\/verjaardagsfeestjes\/","title":{"rendered":"Verjaardagsfeestjes"},"content":{"rendered":"<p>[vc_row sbxs_bg_class=\u00a0\u00bbbg-light\u00a0\u00bb sbxs_headings_class=\u00a0\u00bbheadings-secondary\u00a0\u00bb sbxs_text_class=\u00a0\u00bbtext-dark\u00a0\u00bb css=\u00a0\u00bb.vc_custom_1504345852017{padding-top: 160px !important;padding-bottom: 50px !important;}\u00a0\u00bb][vc_column][vc_column_text].<\/p>\n<p>.<\/p>\n<p>.<\/p>\n<p>.<\/p>\n<p>.<\/p>\n<p>.<\/p>\n<p>.[\/vc_column_text][vc_column_text]<\/p>\n<h2 style=\"text-align: center;\">F\u00eates d&rsquo;anniversaire<\/h2>\n<p style=\"text-align: center;\">\u201cJouer sans souci\u201d<\/p>\n<p>[\/vc_column_text][vc_empty_space][\/vc_column][\/vc_row][vc_row content_placement=\u00a0\u00bbmiddle\u00a0\u00bb sbxs_bg_class=\u00a0\u00bbbg-secondary\u00a0\u00bb sbxs_headings_class=\u00a0\u00bbheadings-white\u00a0\u00bb sbxs_text_class=\u00a0\u00bbtext-white\u00a0\u00bb css=\u00a0\u00bb.vc_custom_1504345936893{margin-top: 15px !important;margin-bottom: 15px !important;}\u00a0\u00bb][vc_column width=\u00a0\u00bb3\/12&Prime;][vc_single_image image=\u00a0\u00bb1406&Prime; img_size=\u00a0\u00bbfull\u00a0\u00bb style=\u00a0\u00bbvc_box_circle\u00a0\u00bb css_animation=\u00a0\u00bbleft-to-right\u00a0\u00bb]\t\t\t<p class=\" text-center button-p-wrap \">\n\t\t\t\t<a href=\"https:\/\/activ1.be\/fr\/reserveer-uw-feestje\/\" class=\"button   \" target=\"\">R\u00e9servez votre f\u00eate<\/a>\t\n\t\t\t<\/p>\n\t\t\t[\/vc_column][vc_column width=\u00a0\u00bb9\/12&Prime;][vc_column_text css_animation=\u00a0\u00bbright-to-left\u00a0\u00bb]<\/p>\n<h2>F\u00eates d&rsquo;anniversaire<\/h2>\n<p>[\/vc_column_text][vc_column_text css_animation=\u00a0\u00bbright-to-left\u00a0\u00bb css=\u00a0\u00bb.vc_custom_1687535665366{padding-top: 10px !important;}\u00a0\u00bb]Votre enfant veut f\u00eater son anniversaire chez ActiV (jusqu&rsquo;a 12 ans)? Faites votre choix parmi une de nos formules (uniquement sur r\u00e9servation): vous serez assur\u00e9 d&rsquo;une f\u00eate inoubliable et sans soucis!<\/p>\n<p>Nous organisons ces f\u00eates mercredi apr\u00e8s-midi (\u00e0 partir de 12h00), vendredi soir (\u00e0 partir de 16h00) et samedi (\u00e0 partir de 10h30).<\/p>\n<p>Pendant les vacances scolaires cela peut se faire tous les jours sauf le dimanche et les jours f\u00e9ri\u00e9s. Un minimum de 6 enfants est requis..<\/p>\n<p><strong><u>!!! Propre gateau d&rsquo;anniversaire et boissons non autoris\u00e9.!!!<\/u><\/strong><\/p>\n<p>F\u00eate d&rsquo;anniversaire 1 :<\/p>\n<ul>\n<li>acc\u00e8s \u00e0 la plaine de jeux toute la journ\u00e9e<\/li>\n<li>1 boisson froide au choix<\/li>\n<li>fricadelle et frites ou deux cr\u00eapes<\/li>\n<li>gla\u00e7on<\/li>\n<li>1 sachet de bonbons par enfant<\/li>\n<li>1 cadeau pour le laur\u00e9at<\/li>\n<\/ul>\n<p>F\u00eate d&rsquo;anniversaire\u00a02 : idem f\u00eate d&rsquo;anniversaire\u00a01 + 1 heure de bowling<\/p>\n<p>F\u00eate d&rsquo;anniversaire 3 : idem f\u00eate d&rsquo;anniversaire 1 + 1 s\u00e9ance de lasergame<\/p>\n<p>F\u00eate d&rsquo;anniversaire 4 : idem f\u00eate d&rsquo;anniversaire 1 + 1 heure de bowling + 1 s\u00e9ance de lasergame<\/p>\n<p>***Les prix peuvent \u00eatre trouv\u00e9s \u00e0 la page Tarifs***<\/p>\n<p><strong><u>ATTENTION : Veuillez pr\u00e9voir au moins 3,5 heures pour votre f\u00eate d&rsquo;anniversaire (de pr\u00e9f\u00e9rence 4 heures pour la f\u00eate d&rsquo;anniversaire 4).<\/u><\/strong><\/p>\n<p><strong>\u00a0 \u00a0 \u00a0 \u00a0 \u00a0 \u00a0 \u00a0 \u00a0 \u00a0 \u00a0<u>Veuillez communiquer le nombre exact d&rsquo;enfants 2 \u00e0 3 jours \u00e0 l&rsquo;avance.\u00a0<\/u><\/strong>[\/vc_column_text][\/vc_column][\/vc_row][vc_row sbxs_bg_class=\u00a0\u00bbbg-dark\u00a0\u00bb sbxs_headings_class=\u00a0\u00bbheadings-white\u00a0\u00bb sbxs_text_class=\u00a0\u00bbtext-white\u00a0\u00bb css=\u00a0\u00bb.vc_custom_1504346236665{padding-top: 50px !important;padding-bottom: 50px !important;}\u00a0\u00bb][vc_column][vc_column_text]<\/p>\n<h4 style=\"text-align: center;\"><strong>!!! T\u00e9lechargez les cartes d&rsquo;invitation ici pour votre f\u00eate !!!<\/strong><\/h4>\n<p>&nbsp;<\/p>\n<h4 style=\"padding-left: 450px;\"><strong><a href=\"https:\/\/activ1.be\/wp-content\/uploads\/2017\/02\/Activ-Verjaardagskaart-Frans-1.pdf\" target=\"_blank\" rel=\"noopener noreferrer\">ActiV carte d&rsquo;invitation (francais)<\/a><\/strong><\/h4>\n<h4 style=\"padding-left: 450px;\"><strong><a href=\"https:\/\/activ1.be\/wp-content\/uploads\/2017\/02\/ACTIVVERJAARDAG-NL-1.pdf\" target=\"_blank\" rel=\"noopener noreferrer\">ActiV uitnodigingskaart (nederlands)<\/a><\/strong><\/h4>\n<p>&nbsp;<\/p>\n<p style=\"text-align: center;\"><em>\u00ab\u00a0S&rsquo;il vous pla\u00eet notez les horaires d&rsquo;ouverture de la plaine de jeux int\u00e9rieure\u00a0\u00bb<\/em><\/p>\n<p style=\"text-align: center;\">Mercredi \u00a0 \u00a0 \u00a0 \u00a0 \u00a0 \u00a0 \u00a0 \u00a0 \u00a0 \u00a0 \u00a0 \u00a0de \u00a0 \u00a0 \u00a012u00\u00a0\/\/ Fermeture<\/p>\n<p style=\"text-align: center;\">Vendredi \u00a0 \u00a0 \u00a0 \u00a0 \u00a0 \u00a0 \u00a0 \u00a0 \u00a0 \u00a0 \u00a0 \u00a0de \u00a0 \u00a0 16u00\u00a0\/\/ Fermeture<\/p>\n<p style=\"text-align: center;\">Samedi et Dimanche \u00a0 \u00a0 \u00a0de \u00a0 \u00a0 10u00\u00a0\/\/ Fermeture<\/p>\n<p>[\/vc_column_text][\/vc_column][\/vc_row][vc_row][vc_column][\/vc_column][\/vc_row][vc_row][vc_column][\/vc_column][\/vc_row]<\/p>\n","protected":false},"excerpt":{"rendered":"<p>[vc_row sbxs_bg_class=\u00a0\u00bbbg-light\u00a0\u00bb sbxs_headings_class=\u00a0\u00bbheadings-secondary\u00a0\u00bb sbxs_text_class=\u00a0\u00bbtext-dark\u00a0\u00bb css=\u00a0\u00bb.vc_custom_1504345852017{padding-top: 160px !important;padding-bottom: 50px !important;}\u00a0\u00bb][vc_column][vc_column_text]. . . . . . .[\/vc_column_text][vc_column_text] F\u00eates d&rsquo;anniversaire \u201cJouer sans souci\u201d [\/vc_column_text][vc_empty_space][\/vc_column][\/vc_row][vc_row content_placement=\u00a0\u00bbmiddle\u00a0\u00bb sbxs_bg_class=\u00a0\u00bbbg-secondary\u00a0\u00bb sbxs_headings_class=\u00a0\u00bbheadings-white\u00a0\u00bb sbxs_text_class=\u00a0\u00bbtext-white\u00a0\u00bb css=\u00a0\u00bb.vc_custom_1504345936893{margin-top: 15px !important;margin-bottom: 15px !important;}\u00a0\u00bb][vc_column width=\u00a0\u00bb3\/12&Prime;][vc_single_image image=\u00a0\u00bb1406&Prime; img_size=\u00a0\u00bbfull\u00a0\u00bb style=\u00a0\u00bbvc_box_circle\u00a0\u00bb css_animation=\u00a0\u00bbleft-to-right\u00a0\u00bb][\/vc_column][vc_column width=\u00a0\u00bb9\/12&Prime;][vc_column_text css_animation=\u00a0\u00bbright-to-left\u00a0\u00bb] F\u00eates d&rsquo;anniversaire [\/vc_column_text][vc_column_text css_animation=\u00a0\u00bbright-to-left\u00a0\u00bb css=\u00a0\u00bb.vc_custom_1687535665366{padding-top: 10px !important;}\u00a0\u00bb]Votre enfant veut f\u00eater son anniversaire chez ActiV (jusqu&rsquo;a 12 ans)? Faites<\/p>\n","protected":false},"author":4,"featured_media":0,"parent":0,"menu_order":0,"comment_status":"closed","ping_status":"closed","template":"","meta":{"_acf_changed":false,"footnotes":""},"class_list":["post-2038","page","type-page","status-publish","hentry"],"acf":[],"_links":{"self":[{"href":"https:\/\/activ1.be\/fr\/wp-json\/wp\/v2\/pages\/2038","targetHints":{"allow":["GET"]}}],"collection":[{"href":"https:\/\/activ1.be\/fr\/wp-json\/wp\/v2\/pages"}],"about":[{"href":"https:\/\/activ1.be\/fr\/wp-json\/wp\/v2\/types\/page"}],"author":[{"embeddable":true,"href":"https:\/\/activ1.be\/fr\/wp-json\/wp\/v2\/users\/4"}],"replies":[{"embeddable":true,"href":"https:\/\/activ1.be\/fr\/wp-json\/wp\/v2\/comments?post=2038"}],"version-history":[{"count":28,"href":"https:\/\/activ1.be\/fr\/wp-json\/wp\/v2\/pages\/2038\/revisions"}],"predecessor-version":[{"id":9162,"href":"https:\/\/activ1.be\/fr\/wp-json\/wp\/v2\/pages\/2038\/revisions\/9162"}],"wp:attachment":[{"href":"https:\/\/activ1.be\/fr\/wp-json\/wp\/v2\/media?parent=2038"}],"curies":[{"name":"wp","href":"https:\/\/api.w.org\/{rel}","templated":true}]}}